{"version":"1.0","provider_name":"Daler-Spital","provider_url":"https:\/\/daler.ch\/de\/","title":"Jahresbilanz - Daler-Spital","type":"rich","width":600,"height":338,"html":"<blockquote class=\"wp-embedded-content\" data-secret=\"cCVvP6eTQS\"><a href=\"https:\/\/daler.ch\/de\/bilan-2020-de-lhopital-daler\/\">Jahresbilanz<\/a><\/blockquote><iframe sandbox=\"allow-scripts\" security=\"restricted\" src=\"https:\/\/daler.ch\/de\/bilan-2020-de-lhopital-daler\/embed\/#?secret=cCVvP6eTQS\" width=\"600\" height=\"338\" title=\"&#8222;Jahresbilanz&#8220; &#8211; Daler-Spital\" data-secret=\"cCVvP6eTQS\" frameborder=\"0\" marginwidth=\"0\" marginheight=\"0\" scrolling=\"no\" class=\"wp-embedded-content\"><\/iframe><script type=\"text\/javascript\">\n\/* <![CDATA[ *\/\n\/*! This file is auto-generated *\/\n!function(d,l){\"use strict\";l.querySelector&&d.addEventListener&&\"undefined\"!=typeof URL&&(d.wp=d.wp||{},d.wp.receiveEmbedMessage||(d.wp.receiveEmbedMessage=function(e){var t=e.data;if((t||t.secret||t.message||t.value)&&!\/[^a-zA-Z0-9]\/.test(t.secret)){for(var s,r,n,a=l.querySelectorAll('iframe[data-secret=\"'+t.secret+'\"]'),o=l.querySelectorAll('blockquote[data-secret=\"'+t.secret+'\"]'),c=new RegExp(\"^https?:$\",\"i\"),i=0;i<o.length;i++)o[i].style.display=\"none\";for(i=0;i<a.length;i++)s=a[i],e.source===s.contentWindow&&(s.removeAttribute(\"style\"),\"height\"===t.message?(1e3<(r=parseInt(t.value,10))?r=1e3:~~r<200&&(r=200),s.height=r):\"link\"===t.message&&(r=new URL(s.getAttribute(\"src\")),n=new URL(t.value),c.test(n.protocol))&&n.host===r.host&&l.activeElement===s&&(d.top.location.href=t.value))}},d.addEventListener(\"message\",d.wp.receiveEmbedMessage,!1),l.addEventListener(\"DOMContentLoaded\",function(){for(var e,t,s=l.querySelectorAll(\"iframe.wp-embedded-content\"),r=0;r<s.length;r++)(t=(e=s[r]).getAttribute(\"data-secret\"))||(t=Math.random().toString(36).substring(2,12),e.src+=\"#?secret=\"+t,e.setAttribute(\"data-secret\",t)),e.contentWindow.postMessage({message:\"ready\",secret:t},\"*\")},!1)))}(window,document);\n\/\/# sourceURL=https:\/\/daler.ch\/wp-includes\/js\/wp-embed.min.js\n\/* ]]> *\/\n<\/script>\n","thumbnail_url":"https:\/\/daler.ch\/wp-content\/uploads\/2021\/05\/Daler_lot1_072015_020-1200x375.jpg","thumbnail_width":1200,"thumbnail_height":375,"description":"In einem von der Covid-19-Pandemie gepr\u00e4gten Kontext konnte die Stiftung die Erwartungen der Bev\u00f6lkerung, aber auch diejenigen der verschiedenen f\u00fcr die Bew\u00e4ltigung der Gesundheitskrise zust\u00e4ndigen Stellen erf\u00fcllen. Gleichzeitig wurde Ende Dezember 2020 das Strategieprojekt zur Modernisierung des Operationstraktes abgeschlossen. Damit [&hellip;]"}