{"id":1552,"date":"2016-08-23T22:13:17","date_gmt":"2016-08-23T20:13:17","guid":{"rendered":"http:\/\/www.daler.ch\/leistungen\/services-et-soins\/"},"modified":"2025-04-02T13:18:04","modified_gmt":"2025-04-02T11:18:04","slug":"dienstleistungen-und-betreuung","status":"publish","type":"page","link":"https:\/\/daler.ch\/de\/leistungen\/dienstleistungen-und-betreuung\/","title":{"rendered":"Dienstleistungen und Betreuung"},"content":{"rendered":"<p><div class=\"fusion-fullwidth fullwidth-box fusion-builder-row-1 fusion-flex-container fusion-parallax-none hundred-percent-fullwidth non-hundred-percent-height-scrolling fusion-no-small-visibility\" style=\"--awb-border-radius-top-left:0px;--awb-border-radius-top-right:0px;--awb-border-radius-bottom-right:0px;--awb-border-radius-bottom-left:0px;--awb-padding-top:185px;--awb-padding-bottom:185px;--awb-margin-bottom:50px;--awb-background-image:url(&quot;https:\/\/daler.ch\/wp-content\/uploads\/2016\/08\/Prestations-Soins-et-Services72.jpg&quot;);--awb-background-size:cover;--awb-flex-wrap:wrap;\" ><div class=\"fusion-builder-row fusion-row fusion-flex-align-items-flex-start fusion-flex-content-wrap\" style=\"width:104% !important;max-width:104% !important;margin-left: calc(-4% \/ 2 );margin-right: calc(-4% \/ 2 );\"><div class=\"fusion-layout-column fusion_builder_column fusion-builder-column-0 fusion_builder_column_1_1 1_1 fusion-flex-column\" style=\"--awb-bg-size:cover;--awb-width-large:100%;--awb-margin-top-large:0px;--awb-spacing-right-large:1.92%;--awb-margin-bottom-large:20px;--awb-spacing-left-large:1.92%;--awb-width-medium:100%;--awb-spacing-right-medium:1.92%;--awb-spacing-left-medium:1.92%;--awb-width-small:100%;--awb-spacing-right-small:1.92%;--awb-spacing-left-small:1.92%;\"><div class=\"fusion-column-wrapper fusion-flex-justify-content-flex-start fusion-content-layout-column\"><\/div><\/div><\/div><\/div><div class=\"fusion-fullwidth fullwidth-box fusion-builder-row-2 fusion-flex-container nonhundred-percent-fullwidth non-hundred-percent-height-scrolling\" style=\"--awb-border-radius-top-left:0px;--awb-border-radius-top-right:0px;--awb-border-radius-bottom-right:0px;--awb-border-radius-bottom-left:0px;--awb-margin-bottom:60px;--awb-flex-wrap:wrap;\" ><div class=\"fusion-builder-row fusion-row fusion-flex-align-items-flex-start fusion-flex-content-wrap\" style=\"max-width:1144px;margin-left: calc(-4% \/ 2 );margin-right: calc(-4% \/ 2 );\"><div class=\"fusion-layout-column fusion_builder_column fusion-builder-column-1 fusion_builder_column_1_1 1_1 fusion-flex-column fusion-flex-align-self-flex-start fusion-column-no-min-height\" style=\"--awb-bg-size:cover;--awb-width-large:100%;--awb-margin-top-large:0px;--awb-spacing-right-large:1.92%;--awb-margin-bottom-large:0px;--awb-spacing-left-large:1.92%;--awb-width-medium:100%;--awb-spacing-right-medium:1.92%;--awb-spacing-left-medium:1.92%;--awb-width-small:100%;--awb-spacing-right-small:1.92%;--awb-spacing-left-small:1.92%;\"><div class=\"fusion-column-wrapper fusion-flex-justify-content-flex-start fusion-content-layout-column\"><div class=\"fusion-title title fusion-title-1 fusion-sep-none fusion-title-text fusion-title-size-two\" style=\"--awb-margin-bottom:10px;\"><h2 class=\"fusion-title-heading title-heading-left fusion-responsive-typography-calculated\" style=\"margin:0;--fontSize:20;--minFontSize:20;line-height:1.5;\">Interne Leistungen<\/h2><\/div><div class=\"fusion-separator\" style=\"align-self: flex-start;margin-right:auto;margin-bottom:30px;width:100%;max-width:40px;\"><div class=\"fusion-separator-border sep-single sep-solid\" style=\"--awb-height:20px;--awb-amount:20px;--awb-sep-color:#008a88;border-color:#008a88;border-top-width:2px;\"><\/div><\/div><div class=\"accordian fusion-accordian\" style=\"--awb-border-size:1px;--awb-icon-size:13px;--awb-content-font-size:15px;--awb-icon-alignment:left;--awb-hover-color:#f9f9f9;--awb-border-color:#cccccc;--awb-background-color:#ffffff;--awb-divider-color:#e0dede;--awb-divider-hover-color:#e0dede;--awb-icon-color:#ffffff;--awb-title-color:#008a88;--awb-content-color:#606060;--awb-icon-box-color:#333333;--awb-toggle-hover-accent-color:#008a88;--awb-title-font-family:Arial, Helvetica, sans-serif;--awb-title-font-weight:400;--awb-title-font-style:normal;--awb-title-font-size:14px;--awb-title-line-height:1.5;--awb-content-font-family:Arial, Helvetica, sans-serif;--awb-content-font-style:normal;--awb-content-font-weight:400;\"><div class=\"panel-group fusion-toggle-icon-boxed\" id=\"accordion-1552-1\"><div class=\"fusion-panel panel-default panel-e4a4dbfdc308a73ec fusion-toggle-has-divider\"><div class=\"panel-heading\"><h4 class=\"panel-title toggle\" id=\"toggle_e4a4dbfdc308a73ec\"><a aria-expanded=\"false\" aria-controls=\"e4a4dbfdc308a73ec\" role=\"button\" data-toggle=\"collapse\" data-parent=\"#accordion-1552-1\" data-target=\"#e4a4dbfdc308a73ec\" href=\"#e4a4dbfdc308a73ec\"><span class=\"fusion-toggle-icon-wrapper\" aria-hidden=\"true\"><i class=\"fa-fusion-box active-icon awb-icon-minus\" aria-hidden=\"true\"><\/i><i class=\"fa-fusion-box inactive-icon awb-icon-plus\" aria-hidden=\"true\"><\/i><\/span><span class=\"fusion-toggle-heading\">Fitness<\/span><\/a><\/h4><\/div><div id=\"e4a4dbfdc308a73ec\" class=\"panel-collapse collapse \" aria-labelledby=\"toggle_e4a4dbfdc308a73ec\"><div class=\"panel-body toggle-content fusion-clearfix\">\n<p>Das Fitness-Studio des Daler Spitals unterst\u00fctzt Sie dabei, Ihre k\u00f6rperliche Verfassung zu erhalten, zu verbessern oder wieder aufzubauen sowie Pr\u00e4ventionstraining zu betreiben.<\/p>\n<p>Unser Fitness-Studio steht allen offen, mit oder ohne \u00e4rztliche Verordnung. Nach einer Einf\u00fchrung erstellt die Physiotherapeutin\/der Physiotherapeut ein auf Sie abgestimmtes Trainingsprogramm.<\/p>\n<p><img decoding=\"async\" class=\"aligncenter size-medium wp-image-3271\" src=\"https:\/\/daler.ch\/wp-content\/uploads\/2020\/06\/Fitness-600x316.png\" alt=\"\" width=\"600\" height=\"316\" \/><\/p>\n<p>Sie k\u00f6nnen Ihr Abonnement f\u00fcr einen, zwei oder drei Monate oder ein Jahr l\u00f6sen.<\/p>\n<p>Ausserdem bieten wir Ihnen folgende attraktive Konditionen:<\/p>\n<ul>\n<li>F\u00fcr die Dauer Ihrer Physiotherapie k\u00f6nnen Sie gratis im Fitness-Studio trainieren.<\/li>\n<li>Wenn Sie nach einer Behandlung in der Abteilung Physiotherapie des Daler Spitals oder im Rahmen eines in unserer Einrichtung durchgef\u00fchrten Ern\u00e4hrungsprogramms ein Abonnement abschliessen, erhalten Sie 30 % Rabatt.<\/li>\n<li>Senioren (\u00fcber 60 Jahre) profitieren von einem Spezialtarif.<\/li>\n<li>Das zweite Familienmitglied erh\u00e4lt 20\u00a0% Rabatt auf das Abonnement.<\/li>\n<\/ul>\n<p><strong>\u00d6ffnungszeiten:<\/strong> Mo-So von 7 bis 20 Uhr<\/p>\n<p><strong>Kontakt<\/strong>: 026 429 94 65 \/ <a href=\"mailto:physio@daler.ch\">physio@daler.ch<\/a><\/p>\n<\/div><\/div><\/div><div class=\"fusion-panel panel-default panel-4e9adb9bb06f4bbeb fusion-toggle-has-divider\" style=\"--awb-title-color:#008a88;\"><div class=\"panel-heading\"><h4 class=\"panel-title toggle\" id=\"toggle_4e9adb9bb06f4bbeb\"><a aria-expanded=\"false\" aria-controls=\"4e9adb9bb06f4bbeb\" role=\"button\" data-toggle=\"collapse\" data-parent=\"#accordion-1552-1\" data-target=\"#4e9adb9bb06f4bbeb\" href=\"#4e9adb9bb06f4bbeb\"><span class=\"fusion-toggle-icon-wrapper\" aria-hidden=\"true\"><i class=\"fa-fusion-box active-icon awb-icon-minus\" aria-hidden=\"true\"><\/i><i class=\"fa-fusion-box inactive-icon awb-icon-plus\" aria-hidden=\"true\"><\/i><\/span><span class=\"fusion-toggle-heading\">Physiotherapie<\/span><\/a><\/h4><\/div><div id=\"4e9adb9bb06f4bbeb\" class=\"panel-collapse collapse \" aria-labelledby=\"toggle_4e9adb9bb06f4bbeb\"><div class=\"panel-body toggle-content fusion-clearfix\">\n<p>Die Physiotherapeutinnen und \u2013therapeuten des Daler Spitals verf\u00fcgen \u00fcber die erforderlichen Qualifikationen und sind darauf spezialisiert, alle Arten von Patienten zu betreuen. Unser mehrsprachiges Team behandelt vorwiegend ambulante Patienten, k\u00fcmmert sich bei Bedarf aber auch um die station\u00e4ren Patienten.<\/p>\n<p>Ziel einer jeden Physiotherapie ist es, Ihre k\u00f6rperliche Leistungsf\u00e4higkeit m\u00f6glichst wiederherzustellen; sei es nach einer Operation, einem Unfall oder einer \u00dcberlastung. Unsere Anwendungen helfen Ihrem K\u00f6rper, zu seiner normalen Funktion zur\u00fcck zu finden.<\/p>\n<p>Wir behandeln Sie in privater Atmosph\u00e4re. Zus\u00e4tzlich verf\u00fcgen wir \u00fcber einen Gymnastikraum und ein Fitness-Studio.<\/p>\n<p><img decoding=\"async\" class=\"aligncenter size-medium wp-image-3269\" src=\"https:\/\/daler.ch\/wp-content\/uploads\/2020\/06\/Physio-600x316.png\" alt=\"\" width=\"600\" height=\"316\" \/><\/p>\n<p>Wir bieten folgende Behandlungen an:<\/p>\n<ul>\n<li>Manuelle Therapie<\/li>\n<li>Rehabilitation des Beckens, des Beckenbodens sowie des Perineums (Biofeedback und Elektrostimulation)<\/li>\n<li>Trigger-Point-Therapie \/ Dry Needling<\/li>\n<li>Sportphysiotherapie<\/li>\n<li>Pr\u00e4- und postoperative Behandlung bei chirurgischen und orthop\u00e4dischen Eingriffen<\/li>\n<li>Kardio-pulmonale Rehabilitation<\/li>\n<li>Medizinisches Fitnesstraining<\/li>\n<li>Ultraschall<\/li>\n<li>Fango<\/li>\n<\/ul>\n<p>F\u00fcr die Dauer Ihrer Physiotherapie haben Sie die M\u00f6glichkeit, unseren Fitnessraum gratis zu benutzen. Wenn Sie nach einer Behandlung in der Abteilung Physiotherapie des Daler Spitals oder im Rahmen eines in unserer Einrichtung durchgef\u00fchrten Ern\u00e4hrungsprogramms ein Abonnement abschliessen, erhalten Sie 30\u00a0% Rabatt.<\/p>\n<p><strong>Ort:<\/strong> Unsere Physiotherapie befindet sich im Untergeschoss des hellblauen Geb\u00e4udes.<\/p>\n<p><strong>Kontakt:<\/strong> 026 429 91 11 \/ <a href=\"mailto:physio@daler.ch\">physio@daler.ch<\/a><\/p>\n<\/div><\/div><\/div><div class=\"fusion-panel panel-default panel-4ba9bdb1c99302ba9 fusion-toggle-has-divider\"><div class=\"panel-heading\"><h4 class=\"panel-title toggle\" id=\"toggle_4ba9bdb1c99302ba9\"><a aria-expanded=\"false\" aria-controls=\"4ba9bdb1c99302ba9\" role=\"button\" data-toggle=\"collapse\" data-parent=\"#accordion-1552-1\" data-target=\"#4ba9bdb1c99302ba9\" href=\"#4ba9bdb1c99302ba9\"><span class=\"fusion-toggle-icon-wrapper\" aria-hidden=\"true\"><i class=\"fa-fusion-box active-icon awb-icon-minus\" aria-hidden=\"true\"><\/i><i class=\"fa-fusion-box inactive-icon awb-icon-plus\" aria-hidden=\"true\"><\/i><\/span><span class=\"fusion-toggle-heading\">Stomatherapie<\/span><\/a><\/h4><\/div><div id=\"4ba9bdb1c99302ba9\" class=\"panel-collapse collapse \" aria-labelledby=\"toggle_4ba9bdb1c99302ba9\"><div class=\"panel-body toggle-content fusion-clearfix\">\n<p>Das Daler-Spital bietet ebenfalls eine Stomatherapie an, ausgef\u00fchrt von unserem spezialisierten Pflegepersonal. Diese Behandlung richtet sich an Patienten, deren physische und psychische Integrit\u00e4t durch ein Stoma, eine Wunde, eine Fistel oder durch Inkontinenzprobleme beeintr\u00e4chtigt ist.<\/p>\n<p>Heutzutage, mit dem geeigneteten Material, k\u00f6nnen Stomapatienten ihr soziales Leben wiederaufnehmen, sie treiben Sport, arbeiten im Garten, k\u00f6nnen baden und manche von ihnen gehen ihrer Berufst\u00e4tigkeit weiter nach.<\/p>\n<p>Kontakt : 079 314 44 25 \/ <a href=\"mailto:stomatherapie@daler.ch\">stomatherapie@daler.ch<\/a><\/p>\n<\/div><\/div><\/div><\/div><\/div><\/div><\/div><\/div><\/div><div class=\"fusion-fullwidth fullwidth-box fusion-builder-row-3 fusion-flex-container nonhundred-percent-fullwidth non-hundred-percent-height-scrolling\" style=\"--awb-border-radius-top-left:0px;--awb-border-radius-top-right:0px;--awb-border-radius-bottom-right:0px;--awb-border-radius-bottom-left:0px;--awb-flex-wrap:wrap;\" ><div class=\"fusion-builder-row fusion-row fusion-flex-align-items-flex-start fusion-flex-content-wrap\" style=\"max-width:1144px;margin-left: calc(-4% \/ 2 );margin-right: calc(-4% \/ 2 );\"><div class=\"fusion-layout-column fusion_builder_column fusion-builder-column-2 fusion_builder_column_1_1 1_1 fusion-flex-column fusion-flex-align-self-flex-start fusion-column-no-min-height\" style=\"--awb-bg-size:cover;--awb-width-large:100%;--awb-margin-top-large:60px;--awb-spacing-right-large:1.92%;--awb-margin-bottom-large:0px;--awb-spacing-left-large:1.92%;--awb-width-medium:100%;--awb-order-medium:0;--awb-spacing-right-medium:1.92%;--awb-spacing-left-medium:1.92%;--awb-width-small:100%;--awb-order-small:0;--awb-spacing-right-small:1.92%;--awb-spacing-left-small:1.92%;\"><div class=\"fusion-column-wrapper fusion-column-has-shadow fusion-flex-justify-content-flex-start fusion-content-layout-column\"><div class=\"fusion-title title fusion-title-2 fusion-sep-none fusion-title-text fusion-title-size-two\" style=\"--awb-margin-bottom:10px;\"><h2 class=\"fusion-title-heading title-heading-left fusion-responsive-typography-calculated\" style=\"margin:0;--fontSize:20;--minFontSize:20;line-height:1.5;\">Externe Leistungen<\/h2><\/div><div class=\"fusion-separator\" style=\"align-self: flex-start;margin-right:auto;margin-bottom:30px;width:100%;max-width:40px;\"><div class=\"fusion-separator-border sep-single sep-solid\" style=\"--awb-height:20px;--awb-amount:20px;--awb-sep-color:#008a88;border-color:#008a88;border-top-width:2px;\"><\/div><\/div><div class=\"accordian fusion-accordian\" style=\"--awb-border-size:1px;--awb-icon-size:13px;--awb-content-font-size:15px;--awb-icon-alignment:left;--awb-hover-color:#f9f9f9;--awb-border-color:#cccccc;--awb-background-color:#ffffff;--awb-divider-color:#e0dede;--awb-divider-hover-color:#e0dede;--awb-icon-color:#ffffff;--awb-title-color:#008a88;--awb-content-color:#606060;--awb-icon-box-color:#333333;--awb-toggle-hover-accent-color:#008a88;--awb-title-font-family:Arial, Helvetica, sans-serif;--awb-title-font-weight:400;--awb-title-font-style:normal;--awb-title-font-size:14px;--awb-title-line-height:1.5;--awb-content-font-family:Arial, Helvetica, sans-serif;--awb-content-font-style:normal;--awb-content-font-weight:400;\"><div class=\"panel-group fusion-toggle-icon-boxed\" id=\"accordion-1552-2\"><div class=\"fusion-panel panel-default panel-fc041089e273c6727 fusion-toggle-has-divider\" style=\"--awb-title-color:#008a88;\"><div class=\"panel-heading\"><h4 class=\"panel-title toggle\" id=\"toggle_fc041089e273c6727\"><a aria-expanded=\"false\" aria-controls=\"fc041089e273c6727\" role=\"button\" data-toggle=\"collapse\" data-parent=\"#accordion-1552-2\" data-target=\"#fc041089e273c6727\" href=\"#fc041089e273c6727\"><span class=\"fusion-toggle-icon-wrapper\" aria-hidden=\"true\"><i class=\"fa-fusion-box active-icon awb-icon-minus\" aria-hidden=\"true\"><\/i><i class=\"fa-fusion-box inactive-icon awb-icon-plus\" aria-hidden=\"true\"><\/i><\/span><span class=\"fusion-toggle-heading\">Ern\u00e4hrungsberatung<\/span><\/a><\/h4><\/div><div id=\"fc041089e273c6727\" class=\"panel-collapse collapse \" aria-labelledby=\"toggle_fc041089e273c6727\"><div class=\"panel-body toggle-content fusion-clearfix\">\n<p>Unsere diplomierten Ern\u00e4hrungsberaterinnen sind darauf spezialisiert, Erwachsene und Kinder zu folgenden Schwerpunkten zu betreuen:<\/p>\n<ul>\n<li>\u00dcbergewicht, Adipositas, bariatrische Chirurgie<\/li>\n<li>Diabetes Typ 1 und 2, Schwangerschaftsdiabetes<\/li>\n<li>Herz- und Gef\u00e4sskrankheiten<\/li>\n<li>Erkrankungen des Verdauungsapparates und Intoleranz (Gluten, Laktose, FODMAP\u00a0\u2026)<\/li>\n<li>Essst\u00f6rungen (Anorexie, Bulimie, Orthorexie)<\/li>\n<li>Sportern\u00e4hrungsberatung: <a href=\"https:\/\/eat2perform.ch\/\">eat2perform.ch<\/a><\/li>\n<li>Ausgewogene Ern\u00e4hrung und spezifische Kostformen (Schwangerschaft, Vegetarismus\/vegan, &#8230;)<\/li>\n<\/ul>\n<p>Die Sprechstunden werden im Daler Spital auf Franz\u00f6sisch, Deutsch und Englisch angeboten; die Termine k\u00f6nnen direkt mit den Ern\u00e4hrungsberaterin vereinbart werden.<\/p>\n<p>Kontakt:<\/p>\n<ul>\n<li>Simone Reber, BSc, Ern\u00e4hrungsberaterin SVDE, <a href=\"http:\/\/079%20513%2089%2092\">079 513 89 92<\/a><\/li>\n<\/ul>\n<\/div><\/div><\/div><div class=\"fusion-panel panel-default panel-fd5bf165725d7e70d fusion-toggle-has-divider\"><div class=\"panel-heading\"><h4 class=\"panel-title toggle\" id=\"toggle_fd5bf165725d7e70d\"><a aria-expanded=\"false\" aria-controls=\"fd5bf165725d7e70d\" role=\"button\" data-toggle=\"collapse\" data-parent=\"#accordion-1552-2\" data-target=\"#fd5bf165725d7e70d\" href=\"#fd5bf165725d7e70d\"><span class=\"fusion-toggle-icon-wrapper\" aria-hidden=\"true\"><i class=\"fa-fusion-box active-icon awb-icon-minus\" aria-hidden=\"true\"><\/i><i class=\"fa-fusion-box inactive-icon awb-icon-plus\" aria-hidden=\"true\"><\/i><\/span><span class=\"fusion-toggle-heading\">Interdisziplin\u00e4res HNO-Zentrum<\/span><\/a><\/h4><\/div><div id=\"fd5bf165725d7e70d\" class=\"panel-collapse collapse \" aria-labelledby=\"toggle_fd5bf165725d7e70d\"><div class=\"panel-body toggle-content fusion-clearfix\">\n<p>Das Zentrum steht unter der Leitung von Prof. Dr. med. Florian Lang, ehemaliger Chefarzt der HNO-Abteilung am HFR, sowie Dr. med. M\u00e9lanie Buchwalder, Fach\u00e4rztin FMH HNO und spezialisiert auf Otoneurologie. Dr.\u00a0med. Salom\u00e9 Zwicky-Beck und Prof. Dr. med. Fran\u00e7ois Disant erg\u00e4nzen das Fach\u00e4rzteteam.<\/p>\n<p>Dieses bietet eine multidisziplin\u00e4re Patientenversorgung in folgenden Bereichen:<\/p>\n<ul>\n<li>Allgemeine HNO-Heilkunde f\u00fcr Erwachsene und Kinder<\/li>\n<li>Erkrankungen des Ohres und H\u00f6rprobleme<\/li>\n<li>Ohrchirurgie und H\u00f6rimplantate<\/li>\n<li>Schwindel und Gleichgewichtsst\u00f6rungen<\/li>\n<li>Rhinosinusitische Erkrankungen<\/li>\n<li>Erkrankungen der Stimme und Schluckbeschwerden<\/li>\n<li>Erkrankungen der Speicheldr\u00fcsen<\/li>\n<li>Onkologie im Nasen- und Ohrenbereich<\/li>\n<li>Hals- und Gesichtschirurgie sowie onkologische, wiederherstellende und \u00e4sthetische Chirurgie<\/li>\n<li>Schnarchleiden und Schlafapnoe<\/li>\n<\/ul>\n<p>Kontakt: 026 429 99 80 \/ <a href=\"mailto:secretariat.ciorl@hin.ch\">secretariat.ciorl@hin.ch<\/a><\/p>\n<\/div><\/div><\/div><div class=\"fusion-panel panel-default panel-0085b1a3c29e66b46 fusion-toggle-has-divider\"><div class=\"panel-heading\"><h4 class=\"panel-title toggle\" id=\"toggle_0085b1a3c29e66b46\"><a aria-expanded=\"false\" aria-controls=\"0085b1a3c29e66b46\" role=\"button\" data-toggle=\"collapse\" data-parent=\"#accordion-1552-2\" data-target=\"#0085b1a3c29e66b46\" href=\"#0085b1a3c29e66b46\"><span class=\"fusion-toggle-icon-wrapper\" aria-hidden=\"true\"><i class=\"fa-fusion-box active-icon awb-icon-minus\" aria-hidden=\"true\"><\/i><i class=\"fa-fusion-box inactive-icon awb-icon-plus\" aria-hidden=\"true\"><\/i><\/span><span class=\"fusion-toggle-heading\">Medizinisches Analyselabor <\/span><\/a><\/h4><\/div><div id=\"0085b1a3c29e66b46\" class=\"panel-collapse collapse \" aria-labelledby=\"toggle_0085b1a3c29e66b46\"><div class=\"panel-body toggle-content fusion-clearfix\">\n<p>Das Labor MCL gew\u00e4hrleistet einen 24h-Service in unserem Spital.<\/p>\n<p>Seit 1981 bietet MCL erstklassige Dienstleistungen an, arbeitet eng mit den Beleg\u00e4rzten des Daler Spitals zusammen und steht f\u00fcr eine Diagnostik nach h\u00f6chstem Standard in allen Fachbereichen.<\/p>\n<p>Der Termin wird durch den behandelnden Arzt, der die Analysen anfordert, vereinbart.<\/p>\n<p>Weitere Informationen finden Sie auf dieser <a href=\"https:\/\/www.mcl.ch\/Default.aspx?tabid=816&amp;language=de-DE\" target=\"_blank\" rel=\"noopener noreferrer\">Webseite.<\/a><\/p>\n<p>Kontakt: 026 429 91 11 \/ <a href=\"mailto:hopital@daler.ch\">hopital@daler.ch<\/a><\/p>\n<\/div><\/div><\/div><div class=\"fusion-panel panel-default panel-7a3589efb987f2223 fusion-toggle-has-divider\" style=\"--awb-title-color:#008a88;\"><div class=\"panel-heading\"><h4 class=\"panel-title toggle\" id=\"toggle_7a3589efb987f2223\"><a aria-expanded=\"false\" aria-controls=\"7a3589efb987f2223\" role=\"button\" data-toggle=\"collapse\" data-parent=\"#accordion-1552-2\" data-target=\"#7a3589efb987f2223\" href=\"#7a3589efb987f2223\"><span class=\"fusion-toggle-icon-wrapper\" aria-hidden=\"true\"><i class=\"fa-fusion-box active-icon awb-icon-minus\" aria-hidden=\"true\"><\/i><i class=\"fa-fusion-box inactive-icon awb-icon-plus\" aria-hidden=\"true\"><\/i><\/span><span class=\"fusion-toggle-heading\">R\u00f6ntgeninstitut<\/span><\/a><\/h4><\/div><div id=\"7a3589efb987f2223\" class=\"panel-collapse collapse \" aria-labelledby=\"toggle_7a3589efb987f2223\"><div class=\"panel-body toggle-content fusion-clearfix\">\n<p>Das R\u00f6ntgeninstitut Affidea Givision unseres Spitals verf\u00fcgt \u00fcber folgende Einrichtungen:<\/p>\n<div class=\"post-text _h2-text editor \">\n<ul>\n<li>Bildgebung Bauchbereich \/ Verdauungstrakt<\/li>\n<li>HNO-Bildgebung<\/li>\n<li>Muskuloskelettale Bildgebung<\/li>\n<li>Onkologische Bildgebung<\/li>\n<li>P\u00e4diatrische Bildgebung<\/li>\n<li>Senologische und gyn\u00e4kologische Bildgebung<\/li>\n<li>Sport-Bildgebung<\/li>\n<li>Thorax- und Herzbildgebung<\/li>\n<li>Urologische und nephrologische Bildgebung<\/li>\n<\/ul>\n<\/div>\n<p>Die Radiologen sind :<\/p>\n<ul>\n<li>Dr. med. Eric Ballet: Facharzt FMH f\u00fcr Radiologie<\/li>\n<li>Dr. med. Daniela Desmartin: Facharzt f\u00fcr Radiologie<\/li>\n<li>Dr. med. Maura Pugnale: Facharzt FMH f\u00fcr Radiologie<\/li>\n<\/ul>\n<p>\u00d6ffnungszeiten:<\/p>\n<ul>\n<li>Montag bis Freitag : 7.30-18.00 Uhr<\/li>\n<li>Samstag\u00a0\u00a0\u00a0\u00a0\u00a0\u00a0\u00a0\u00a0\u00a0\u00a0\u00a0\u00a0\u00a0\u00a0\u00a0 : geschlossen<\/li>\n<li>Sonntag\u00a0\u00a0\u00a0\u00a0\u00a0\u00a0\u00a0\u00a0\u00a0\u00a0\u00a0\u00a0\u00a0\u00a0\u00a0\u00a0 : geschlossen<\/li>\n<\/ul>\n<p>Weitere Informationen finden Sie auf dieser <a href=\"https:\/\/affidea.ch\/de\/centre-de-diagnostic\/affidea-givision-daler\/\" target=\"_blank\" rel=\"noopener noreferrer\">Webseite.<\/a><\/p>\n<p>Kontakt: 026 552 50 10 \/ <a href=\"mailto:givision-daler@affidea.ch\" target=\"_blank\" rel=\"noopener noreferrer\">givision-daler@affidea.ch<\/a><\/p>\n<\/div><\/div><\/div><\/div><\/div><\/div><\/div><\/div><\/div><\/p>\n","protected":false},"excerpt":{"rendered":"","protected":false},"author":1,"featured_media":0,"parent":1517,"menu_order":57,"comment_status":"closed","ping_status":"closed","template":"100-width.php","meta":{"footnotes":""},"class_list":["post-1552","page","type-page","status-publish","hentry"],"yoast_head":"<!-- This site is optimized with the Yoast SEO plugin v27.5 - https:\/\/yoast.com\/product\/yoast-seo-wordpress\/ -->\n<title>Dienstleistungen und Betreuung - Daler-Spital<\/title>\n<meta name=\"robots\" content=\"index, follow, max-snippet:-1, max-image-preview:large, max-video-preview:-1\" \/>\n<link rel=\"canonical\" href=\"https:\/\/daler.ch\/de\/leistungen\/dienstleistungen-und-betreuung\/\" \/>\n<meta property=\"og:locale\" content=\"de_DE\" \/>\n<meta property=\"og:type\" content=\"article\" \/>\n<meta property=\"og:title\" content=\"Dienstleistungen und Betreuung - Daler-Spital\" \/>\n<meta property=\"og:url\" content=\"https:\/\/daler.ch\/de\/leistungen\/dienstleistungen-und-betreuung\/\" \/>\n<meta property=\"og:site_name\" content=\"Daler-Spital\" \/>\n<meta property=\"article:modified_time\" content=\"2025-04-02T11:18:04+00:00\" \/>\n<meta property=\"og:image\" content=\"https:\/\/daler.ch\/wp-content\/uploads\/2020\/06\/Fitness-e1592470548429.png\" \/>\n\t<meta property=\"og:image:width\" content=\"380\" \/>\n\t<meta property=\"og:image:height\" content=\"200\" \/>\n\t<meta property=\"og:image:type\" content=\"image\/png\" \/>\n<meta name=\"twitter:card\" content=\"summary_large_image\" \/>\n<meta name=\"twitter:label1\" content=\"Gesch\u00e4tzte Lesezeit\" \/>\n\t<meta name=\"twitter:data1\" content=\"5\u00a0Minuten\" \/>\n<script type=\"application\/ld+json\" class=\"yoast-schema-graph\">{\"@context\":\"https:\\\/\\\/schema.org\",\"@graph\":[{\"@type\":\"WebPage\",\"@id\":\"https:\\\/\\\/daler.ch\\\/de\\\/leistungen\\\/dienstleistungen-und-betreuung\\\/\",\"url\":\"https:\\\/\\\/daler.ch\\\/de\\\/leistungen\\\/dienstleistungen-und-betreuung\\\/\",\"name\":\"Dienstleistungen und Betreuung - Daler-Spital\",\"isPartOf\":{\"@id\":\"https:\\\/\\\/daler.ch\\\/#website\"},\"primaryImageOfPage\":{\"@id\":\"https:\\\/\\\/daler.ch\\\/de\\\/leistungen\\\/dienstleistungen-und-betreuung\\\/#primaryimage\"},\"image\":{\"@id\":\"https:\\\/\\\/daler.ch\\\/de\\\/leistungen\\\/dienstleistungen-und-betreuung\\\/#primaryimage\"},\"thumbnailUrl\":\"https:\\\/\\\/daler.ch\\\/wp-content\\\/uploads\\\/2020\\\/06\\\/Fitness-600x316.png\",\"datePublished\":\"2016-08-23T20:13:17+00:00\",\"dateModified\":\"2025-04-02T11:18:04+00:00\",\"breadcrumb\":{\"@id\":\"https:\\\/\\\/daler.ch\\\/de\\\/leistungen\\\/dienstleistungen-und-betreuung\\\/#breadcrumb\"},\"inLanguage\":\"de\",\"potentialAction\":[{\"@type\":\"ReadAction\",\"target\":[\"https:\\\/\\\/daler.ch\\\/de\\\/leistungen\\\/dienstleistungen-und-betreuung\\\/\"]}]},{\"@type\":\"ImageObject\",\"inLanguage\":\"de\",\"@id\":\"https:\\\/\\\/daler.ch\\\/de\\\/leistungen\\\/dienstleistungen-und-betreuung\\\/#primaryimage\",\"url\":\"https:\\\/\\\/daler.ch\\\/wp-content\\\/uploads\\\/2020\\\/06\\\/Fitness-600x316.png\",\"contentUrl\":\"https:\\\/\\\/daler.ch\\\/wp-content\\\/uploads\\\/2020\\\/06\\\/Fitness-600x316.png\"},{\"@type\":\"BreadcrumbList\",\"@id\":\"https:\\\/\\\/daler.ch\\\/de\\\/leistungen\\\/dienstleistungen-und-betreuung\\\/#breadcrumb\",\"itemListElement\":[{\"@type\":\"ListItem\",\"position\":1,\"name\":\"Home\",\"item\":\"https:\\\/\\\/daler.ch\\\/de\\\/\"},{\"@type\":\"ListItem\",\"position\":2,\"name\":\"Leistungen\",\"item\":\"https:\\\/\\\/daler.ch\\\/prestations\\\/\"},{\"@type\":\"ListItem\",\"position\":3,\"name\":\"Dienstleistungen und Betreuung\"}]},{\"@type\":\"WebSite\",\"@id\":\"https:\\\/\\\/daler.ch\\\/#website\",\"url\":\"https:\\\/\\\/daler.ch\\\/\",\"name\":\"Daler-Spital\",\"description\":\"Hopital Daler\",\"potentialAction\":[{\"@type\":\"SearchAction\",\"target\":{\"@type\":\"EntryPoint\",\"urlTemplate\":\"https:\\\/\\\/daler.ch\\\/?s={search_term_string}\"},\"query-input\":{\"@type\":\"PropertyValueSpecification\",\"valueRequired\":true,\"valueName\":\"search_term_string\"}}],\"inLanguage\":\"de\"}]}<\/script>\n<!-- \/ Yoast SEO plugin. -->","yoast_head_json":{"title":"Dienstleistungen und Betreuung - Daler-Spital","robots":{"index":"index","follow":"follow","max-snippet":"max-snippet:-1","max-image-preview":"max-image-preview:large","max-video-preview":"max-video-preview:-1"},"canonical":"https:\/\/daler.ch\/de\/leistungen\/dienstleistungen-und-betreuung\/","og_locale":"de_DE","og_type":"article","og_title":"Dienstleistungen und Betreuung - Daler-Spital","og_url":"https:\/\/daler.ch\/de\/leistungen\/dienstleistungen-und-betreuung\/","og_site_name":"Daler-Spital","article_modified_time":"2025-04-02T11:18:04+00:00","og_image":[{"width":380,"height":200,"url":"https:\/\/daler.ch\/wp-content\/uploads\/2020\/06\/Fitness-e1592470548429.png","type":"image\/png"}],"twitter_card":"summary_large_image","twitter_misc":{"Gesch\u00e4tzte Lesezeit":"5\u00a0Minuten"},"schema":{"@context":"https:\/\/schema.org","@graph":[{"@type":"WebPage","@id":"https:\/\/daler.ch\/de\/leistungen\/dienstleistungen-und-betreuung\/","url":"https:\/\/daler.ch\/de\/leistungen\/dienstleistungen-und-betreuung\/","name":"Dienstleistungen und Betreuung - Daler-Spital","isPartOf":{"@id":"https:\/\/daler.ch\/#website"},"primaryImageOfPage":{"@id":"https:\/\/daler.ch\/de\/leistungen\/dienstleistungen-und-betreuung\/#primaryimage"},"image":{"@id":"https:\/\/daler.ch\/de\/leistungen\/dienstleistungen-und-betreuung\/#primaryimage"},"thumbnailUrl":"https:\/\/daler.ch\/wp-content\/uploads\/2020\/06\/Fitness-600x316.png","datePublished":"2016-08-23T20:13:17+00:00","dateModified":"2025-04-02T11:18:04+00:00","breadcrumb":{"@id":"https:\/\/daler.ch\/de\/leistungen\/dienstleistungen-und-betreuung\/#breadcrumb"},"inLanguage":"de","potentialAction":[{"@type":"ReadAction","target":["https:\/\/daler.ch\/de\/leistungen\/dienstleistungen-und-betreuung\/"]}]},{"@type":"ImageObject","inLanguage":"de","@id":"https:\/\/daler.ch\/de\/leistungen\/dienstleistungen-und-betreuung\/#primaryimage","url":"https:\/\/daler.ch\/wp-content\/uploads\/2020\/06\/Fitness-600x316.png","contentUrl":"https:\/\/daler.ch\/wp-content\/uploads\/2020\/06\/Fitness-600x316.png"},{"@type":"BreadcrumbList","@id":"https:\/\/daler.ch\/de\/leistungen\/dienstleistungen-und-betreuung\/#breadcrumb","itemListElement":[{"@type":"ListItem","position":1,"name":"Home","item":"https:\/\/daler.ch\/de\/"},{"@type":"ListItem","position":2,"name":"Leistungen","item":"https:\/\/daler.ch\/prestations\/"},{"@type":"ListItem","position":3,"name":"Dienstleistungen und Betreuung"}]},{"@type":"WebSite","@id":"https:\/\/daler.ch\/#website","url":"https:\/\/daler.ch\/","name":"Daler-Spital","description":"Hopital Daler","potentialAction":[{"@type":"SearchAction","target":{"@type":"EntryPoint","urlTemplate":"https:\/\/daler.ch\/?s={search_term_string}"},"query-input":{"@type":"PropertyValueSpecification","valueRequired":true,"valueName":"search_term_string"}}],"inLanguage":"de"}]}},"_links":{"self":[{"href":"https:\/\/daler.ch\/de\/wp-json\/wp\/v2\/pages\/1552","targetHints":{"allow":["GET"]}}],"collection":[{"href":"https:\/\/daler.ch\/de\/wp-json\/wp\/v2\/pages"}],"about":[{"href":"https:\/\/daler.ch\/de\/wp-json\/wp\/v2\/types\/page"}],"author":[{"embeddable":true,"href":"https:\/\/daler.ch\/de\/wp-json\/wp\/v2\/users\/1"}],"replies":[{"embeddable":true,"href":"https:\/\/daler.ch\/de\/wp-json\/wp\/v2\/comments?post=1552"}],"version-history":[{"count":24,"href":"https:\/\/daler.ch\/de\/wp-json\/wp\/v2\/pages\/1552\/revisions"}],"predecessor-version":[{"id":7117,"href":"https:\/\/daler.ch\/de\/wp-json\/wp\/v2\/pages\/1552\/revisions\/7117"}],"up":[{"embeddable":true,"href":"https:\/\/daler.ch\/de\/wp-json\/wp\/v2\/pages\/1517"}],"wp:attachment":[{"href":"https:\/\/daler.ch\/de\/wp-json\/wp\/v2\/media?parent=1552"}],"curies":[{"name":"wp","href":"https:\/\/api.w.org\/{rel}","templated":true}]}}